{"id":1721,"date":"2023-12-29T19:45:12","date_gmt":"2023-12-29T22:45:12","guid":{"rendered":"https:\/\/ensvslasvarillas-cba.infd.edu.ar\/sitio\/?page_id=1721"},"modified":"2025-01-09T21:28:04","modified_gmt":"2025-01-10T00:28:04","slug":"tecnicatura-superior-en-maquinarias-y-equipos-agropecuarios","status":"publish","type":"page","link":"https:\/\/ensvslasvarillas-cba.infd.edu.ar\/sitio\/tecnicatura-superior-en-maquinarias-y-equipos-agropecuarios\/","title":{"rendered":"Tecnicatura Superior en Maquinarias y Equipos Agropecuarios"},"content":{"rendered":"\n<p><strong>Fecha de ingreso:<\/strong>\u00a0Marzo 2025<\/p>\n\n\n\n<p><strong><u>Duraci\u00f3n de la trayectoria formativa<\/u><\/strong>: Tres a\u00f1os<\/p>\n\n\n\n<p><strong><u>Modalidad de cursado:<\/u><\/strong>&nbsp;Combinada<\/p>\n\n\n\n<p><strong><u>Perfil profesional<\/u>:<\/strong><\/p>\n\n\n\n<p>La Tecnicatura Superior en Maquinarias y Equipos Agropecuarios se orienta a obtener un profesional capacitado en el funcionamiento y uso de las maquinarias, los equipos y las instalaciones especiales agropecuarias, dominando aspectos t\u00e9cnicos relacionados con su montaje e instalaci\u00f3n para la producci\u00f3n agropecuaria.<\/p>\n\n\n\n<p>Su amplia capacitaci\u00f3n le permitir\u00e1 innovar e implantar los avances tecnol\u00f3gicos al sector espec\u00edfico de su formaci\u00f3n, dando respuestas concretas a las diferentes necesidades mediante un aprovechamiento integral de los recursos.<\/p>\n\n\n\n<p>Capacitado para trabajos interdisciplinarios, podr\u00e1 colaborar en el dise\u00f1o y optimizaci\u00f3n de la maquinaria o equipos agropecuarios.<\/p>\n\n\n\n<p>As\u00ed mismo, por su competente formaci\u00f3n, est\u00e1 preparado para llevar adelante tareas de asesoramiento acerca de la correcta operaci\u00f3n de una maquinaria o equipo agropecuario, pudiendo asistir t\u00e9cnicamente a establecimientos del sector respecto a los mismos y a las instalaciones especiales, como as\u00ed tambi\u00e9n podr\u00e1 supervisar su mantenimiento.<\/p>\n\n\n\n<p>Sus conocimientos integrales le permitir\u00e1n comprender y aplicar el marco jur\u00eddico que regula las actividades del sector en vinculaci\u00f3n con el medio ambiente, las normas de higiene y seguridad en el trabajo y su relaci\u00f3n espec\u00edfica con las maquinarias agr\u00edcolas.<\/p>\n\n\n\n<p>Para cumplir estas funciones, el t\u00e9cnico posee conocimientos espec\u00edficos, motivo por el cual tambi\u00e9n es competente para cumplir con tareas de evaluaci\u00f3n de desempe\u00f1o, calidad y adaptabilidad de la maquinaria.<\/p>\n\n\n\n<p>Podr\u00e1 desempe\u00f1arse ejerciendo los quehaceres propios de su sector de formaci\u00f3n en: empresas fabricantes de maquinarias y equipos agropecuarios, concesionarios de maquinarias y equipos agropecuarios y empresas de servicios destinadas a la producci\u00f3n agr\u00edcolo-ganaderas.<\/p>\n\n\n\n<p>Adem\u00e1s, este profesional t\u00e9cnico posee una formaci\u00f3n integral que le permite la generaci\u00f3n y\/o participaci\u00f3n de emprendimientos vinculados con \u00e1reas de su profesi\u00f3n.<\/p>\n\n\n\n<p><\/p>\n\n\n\n<p><strong>Estructura curricular:<\/strong><\/p>\n\n\n\n<p><strong>Primer A\u00f1o<\/strong><\/p>\n\n\n\n<p>Anuales:<\/p>\n\n\n\n<ul>\n<li>Ingl\u00e9s<\/li>\n\n\n\n<li>Inform\u00e1tica Aplicada<\/li>\n\n\n\n<li>Matem\u00e1tica y Estad\u00edstica<\/li>\n\n\n\n<li>F\u00edsica<\/li>\n\n\n\n<li>Labores Agropecuarias<\/li>\n\n\n\n<li>Materiales y Elementos de M\u00e1quinas<\/li>\n<\/ul>\n\n\n\n<p><strong>Segundo A\u00f1o<\/strong><\/p>\n\n\n\n<p>Anuales:&nbsp;<\/p>\n\n\n\n<ul>\n<li>Portugu\u00e9s<\/li>\n\n\n\n<li>Transmisiones No Mec\u00e1nicas<\/li>\n\n\n\n<li>Agricultura de Precisi\u00f3n<\/li>\n\n\n\n<li>Seguridad e Higiene y Medio Ambiente<\/li>\n\n\n\n<li>Maquinarias Agropecuarias I<\/li>\n\n\n\n<li>Pr\u00e1ctica Profesionalizante I<\/li>\n<\/ul>\n\n\n\n<p><strong>Tercer A\u00f1o<\/strong><\/p>\n\n\n\n<p>Anuales:<\/p>\n\n\n\n<ul>\n<li>Gesti\u00f3n Integral<\/li>\n\n\n\n<li>Instalaciones Especiales<\/li>\n\n\n\n<li>Maquinarias Agropecuarias II<\/li>\n\n\n\n<li>Veh\u00edculos Especiales y Maquinarias Auxiliares<\/li>\n\n\n\n<li>Pr\u00e1ctica Profesionalizante II<\/li>\n<\/ul>\n\n\n\n<p><strong>Incripciones 2025:<\/strong> <a href=\"https:\/\/forms.gle\/svMd5Z6XdtetCedi7\" data-type=\"URL\" data-id=\"https:\/\/forms.gle\/svMd5Z6XdtetCedi7\">clic aqu\u00ed <\/a><\/p>\n","protected":false},"excerpt":{"rendered":"<p>Fecha de ingreso:\u00a0Marzo 2025 Duraci\u00f3n de la trayectoria formativa: Tres a\u00f1os Modalidad de cursado:&nbsp;Combinada Perfil profesional: La Tecnicatura Superior en Maquinarias y Equipos Agropecuarios se orienta a obtener un profesional capacitado en el funcionamiento y uso de las maquinarias, los equipos y las instalaciones especiales agropecuarias, dominando aspectos t\u00e9cnicos relacionados con su montaje e instalaci\u00f3n &#8230; <a title=\"Tecnicatura Superior en Maquinarias y Equipos Agropecuarios\" class=\"read-more\" href=\"https:\/\/ensvslasvarillas-cba.infd.edu.ar\/sitio\/tecnicatura-superior-en-maquinarias-y-equipos-agropecuarios\/\" aria-label=\"More on Tecnicatura Superior en Maquinarias y Equipos Agropecuarios\">[+]<\/a><\/p>\n","protected":false},"author":363,"featured_media":0,"parent":0,"menu_order":0,"comment_status":"closed","ping_status":"closed","template":"","meta":[],"acf":[],"_links":{"self":[{"href":"https:\/\/ensvslasvarillas-cba.infd.edu.ar\/sitio\/wp-json\/wp\/v2\/pages\/1721"}],"collection":[{"href":"https:\/\/ensvslasvarillas-cba.infd.edu.ar\/sitio\/wp-json\/wp\/v2\/pages"}],"about":[{"href":"https:\/\/ensvslasvarillas-cba.infd.edu.ar\/sitio\/wp-json\/wp\/v2\/types\/page"}],"author":[{"embeddable":true,"href":"https:\/\/ensvslasvarillas-cba.infd.edu.ar\/sitio\/wp-json\/wp\/v2\/users\/363"}],"replies":[{"embeddable":true,"href":"https:\/\/ensvslasvarillas-cba.infd.edu.ar\/sitio\/wp-json\/wp\/v2\/comments?post=1721"}],"version-history":[{"count":4,"href":"https:\/\/ensvslasvarillas-cba.infd.edu.ar\/sitio\/wp-json\/wp\/v2\/pages\/1721\/revisions"}],"predecessor-version":[{"id":1901,"href":"https:\/\/ensvslasvarillas-cba.infd.edu.ar\/sitio\/wp-json\/wp\/v2\/pages\/1721\/revisions\/1901"}],"wp:attachment":[{"href":"https:\/\/ensvslasvarillas-cba.infd.edu.ar\/sitio\/wp-json\/wp\/v2\/media?parent=1721"}],"curies":[{"name":"wp","href":"https:\/\/api.w.org\/{rel}","templated":true}]}}