{"id":954,"date":"2018-08-30T13:05:52","date_gmt":"2018-08-30T16:05:52","guid":{"rendered":"https:\/\/ensvslasvarillas-cba.infd.edu.ar\/sitio\/profesorado-de-educacion-secundaria-en-quimica\/"},"modified":"2018-11-08T01:55:57","modified_gmt":"2018-11-08T04:55:57","slug":"profesorado-de-educacion-secundaria-en-quimica","status":"publish","type":"page","link":"https:\/\/ensvslasvarillas-cba.infd.edu.ar\/sitio\/profesorado-de-educacion-secundaria-en-quimica\/","title":{"rendered":"Profesorado de Educaci\u00f3n Secundaria en  Qu\u00edmica"},"content":{"rendered":"<p><strong><span style=\"color: #339966;\"><u>Duraci\u00f3n:<\/u><\/span><\/strong> 4 a\u00f1os.<\/p>\n<p><strong><span style=\"color: #339966;\"><u>Perfil profesional:<\/u><\/span><\/strong><\/p>\n<p>Este profesorado capacita en el dominio de modelos y teor\u00edas para la comprensi\u00f3n y el an\u00e1lisis de los fen\u00f3menos naturales y los procesos y productos tecnol\u00f3gicos del mundo que nos rodea. Adem\u00e1s, lo formar\u00e1 en competencias pedag\u00f3gico- did\u00e1cticas para dise\u00f1ar, ejecutar y evaluar procesos de ense\u00f1anza-aprendizaje sobre la base de un conocimiento actualizado en el \u00e1mbito de la Qu\u00edmica y la investigaci\u00f3n educativa.<\/p>\n<p><span style=\"color: #339966;\"><strong><u>Campo ocupacional:<\/u><\/strong><\/span><\/p>\n<p>El profesor de Educaci\u00f3n Secundaria en Qu\u00edmica, puede ejercer la docencia en el Nivel Medio en las asignaturas espec\u00edficas y en asignaturas afines. Realizando postgrados y especializaci\u00f3n acorde, puede ingresar a la docencia en el Nivel Superior.<\/p>\n<p><strong><span style=\"color: #339966;\"><u>Plan de estudios:<\/u><\/span><\/strong><\/p>\n<table width=\"640\">\n<tbody>\n<tr>\n<td width=\"102\"><\/td>\n<td width=\"208\"><strong>Campo de la <\/strong><\/p>\n<p><strong>formaci\u00f3n\u00a0 general<\/strong><\/td>\n<td width=\"173\"><strong>Campo de la pr\u00e1ctica docente:<\/strong><\/td>\n<td width=\"157\"><strong>Campo de la formaci\u00f3n espec\u00edfica:<\/strong><\/td>\n<\/tr>\n<tr>\n<td width=\"102\"><strong>Primer A\u00f1o<\/strong><\/td>\n<td width=\"208\">-Historia y Pol\u00edtica de la Educaci\u00f3n Argentina.<\/p>\n<p>-Pedagog\u00eda.<\/p>\n<p>-Problem\u00e1ticas Socio-antropol\u00f3gicas en Educaci\u00f3n.<\/p>\n<p>-Producci\u00f3n Cient\u00edfica y Sociedad.<\/p>\n<p>-Lenguaje Digital y Audiovisual.<\/td>\n<td width=\"173\">-Pr\u00e1ctica Docente I: Contextos y Pr\u00e1cticas Educativas.<\/td>\n<td width=\"157\">-Modelos Matem\u00e1ticos para las Ciencias Naturales.<\/p>\n<p>-Modelos F\u00edsicos para las Ciencias Naturales.<\/p>\n<p>-Introducci\u00f3n a la Qu\u00edmica.<\/p>\n<p>&nbsp;<\/td>\n<\/tr>\n<tr>\n<td width=\"102\"><strong>Segundo A\u00f1o<\/strong><\/td>\n<td width=\"208\">-Psicolog\u00eda y Educaci\u00f3n.<\/p>\n<p>-Did\u00e1ctica General.<\/td>\n<td width=\"173\">-Pr\u00e1ctica Docente II: Escuelas, Historias Documentadas y Cotidianeidad.<\/td>\n<td width=\"157\">-Sujetos de la Educaci\u00f3n y E.S.I.<\/p>\n<p>-Did\u00e1ctica de las Ciencias Naturales.<\/p>\n<p>-Ciencias de la Tierra.<\/p>\n<p>-Qu\u00edmica de los Compuestos del Carbono.<\/p>\n<p>-Estructura de la Materia y sus Transformaciones I.<\/td>\n<\/tr>\n<tr>\n<td width=\"102\"><strong>Tercer A\u00f1o<\/strong><\/td>\n<td width=\"208\">-Historia y Pol\u00edtica de la Educaci\u00f3n Argentina.<\/td>\n<td width=\"173\">-Pr\u00e1ctica Docente III: El Aula: Espacio del Aprender y del Ense\u00f1ar.<\/td>\n<td width=\"157\">-Sujetos de la Educaci\u00f3n y E.S.I .<\/p>\n<p>-Did\u00e1ctica de las Ciencias Naturales.<\/p>\n<p>-Ciencias de la Tierra.<\/p>\n<p>-Qu\u00edmica de los Compuestos del Carbono.<\/p>\n<p>-Estructura de la Materia y sus Transformaciones I.<\/p>\n<p>-Filosof\u00eda de las Ciencias.<\/p>\n<p>-Did\u00e1ctica de las Ciencias Naturales II.<\/p>\n<p>-Trabajo Experimental en Ciencias Naturales.<\/p>\n<p>-Qu\u00edmica F\u00edsica.<\/p>\n<p>-Qu\u00edmica Celular.<\/p>\n<p>-Estructura de la Materia y sus Transformaciones II.<\/td>\n<\/tr>\n<tr>\n<td width=\"102\"><strong>Cuarto A\u00f1o<\/strong><\/td>\n<td width=\"208\">-\u00c9tica y Construcci\u00f3n de Ciudadan\u00eda.<\/p>\n<p>-Problem\u00e1ticas y Desaf\u00edos de la Educaci\u00f3n.<\/p>\n<p>&nbsp;<\/td>\n<td width=\"173\">-Pr\u00e1ctica Docente IV y Residencia.<\/td>\n<td width=\"157\">-Historia y Epistemolog\u00eda de la Qu\u00edmica.<\/p>\n<p>-Did\u00e1ctica de las Ciencias Naturales III.<\/p>\n<p>-Qu\u00edmica de los Procesos Industriales.<\/p>\n<p>-La Qu\u00edmica en el Mundo Actual.<\/p>\n<p>-Desarrollo Humano, Ambiente y Salud.<\/td>\n<\/tr>\n<\/tbody>\n<\/table>\n<p>&nbsp;<\/p>\n","protected":false},"excerpt":{"rendered":"<p>Duraci\u00f3n: 4 a\u00f1os. Perfil profesional: Este profesorado capacita en el dominio de modelos y teor\u00edas para la comprensi\u00f3n y el an\u00e1lisis de los fen\u00f3menos naturales y los procesos y productos tecnol\u00f3gicos del mundo que nos rodea. Adem\u00e1s, lo formar\u00e1 en competencias pedag\u00f3gico- did\u00e1cticas para dise\u00f1ar, ejecutar y evaluar procesos de ense\u00f1anza-aprendizaje sobre la base de &#8230; <a title=\"Profesorado de Educaci\u00f3n Secundaria en  Qu\u00edmica\" class=\"read-more\" href=\"https:\/\/ensvslasvarillas-cba.infd.edu.ar\/sitio\/profesorado-de-educacion-secundaria-en-quimica\/\" aria-label=\"More on Profesorado de Educaci\u00f3n Secundaria en  Qu\u00edmica\">[+]<\/a><\/p>\n","protected":false},"author":158,"featured_media":0,"parent":0,"menu_order":0,"comment_status":"closed","ping_status":"closed","template":"","meta":[],"acf":[],"_links":{"self":[{"href":"https:\/\/ensvslasvarillas-cba.infd.edu.ar\/sitio\/wp-json\/wp\/v2\/pages\/954"}],"collection":[{"href":"https:\/\/ensvslasvarillas-cba.infd.edu.ar\/sitio\/wp-json\/wp\/v2\/pages"}],"about":[{"href":"https:\/\/ensvslasvarillas-cba.infd.edu.ar\/sitio\/wp-json\/wp\/v2\/types\/page"}],"author":[{"embeddable":true,"href":"https:\/\/ensvslasvarillas-cba.infd.edu.ar\/sitio\/wp-json\/wp\/v2\/users\/158"}],"replies":[{"embeddable":true,"href":"https:\/\/ensvslasvarillas-cba.infd.edu.ar\/sitio\/wp-json\/wp\/v2\/comments?post=954"}],"version-history":[{"count":3,"href":"https:\/\/ensvslasvarillas-cba.infd.edu.ar\/sitio\/wp-json\/wp\/v2\/pages\/954\/revisions"}],"predecessor-version":[{"id":1022,"href":"https:\/\/ensvslasvarillas-cba.infd.edu.ar\/sitio\/wp-json\/wp\/v2\/pages\/954\/revisions\/1022"}],"wp:attachment":[{"href":"https:\/\/ensvslasvarillas-cba.infd.edu.ar\/sitio\/wp-json\/wp\/v2\/media?parent=954"}],"curies":[{"name":"wp","href":"https:\/\/api.w.org\/{rel}","templated":true}]}}